{"id":903,"date":"2026-08-07T12:42:55","date_gmt":"2026-08-07T10:42:55","guid":{"rendered":"https:\/\/pidm.pum.edu.pl\/kalendarz\/?post_type=tribe_events&#038;p=903"},"modified":"2026-08-07T12:48:49","modified_gmt":"2026-08-07T10:48:49","slug":"bezpieczenstwo-farmakoterapii-i-suplementacji-w-erze-zafalszowan","status":"publish","type":"tribe_events","link":"https:\/\/pidm.pum.edu.pl\/kalendarz\/wydarzenie\/bezpieczenstwo-farmakoterapii-i-suplementacji-w-erze-zafalszowan\/","title":{"rendered":"Bezpiecze\u0144stwo farmakoterapii i suplementacji w erze zafa\u0142szowa\u0144"},"content":{"rendered":"<p><strong>29 wrze\u015bnia 2026 roku w Centrum Symulacji Medycznych Pomorskiego Uniwersytetu Medycznego w Szczecinie odb\u0119dzie si\u0119 og\u00f3lnopolska konferencja naukowa \u201eBezpiecze\u0144stwo farmakoterapii i suplementacji w erze zafa\u0142szowa\u0144\u201d. Wydarzenie, organizowane w formule hybrydowej, zgromadzi przedstawicieli \u015bwiata nauki, administracji publicznej, instytucji nadzoruj\u0105cych rynek produkt\u00f3w leczniczych oraz praktyk\u00f3w zajmuj\u0105cych si\u0119 bezpiecze\u0144stwem zdrowotnym.\u00a0S\u0142owo wst\u0119pne wyg\u0142osi Wiceminister Zdrowia, dr Katarzyna K\u0119cka.<\/strong><\/p>\n<p>Celem konferencji jest przedstawienie aktualnych wyzwa\u0144 zwi\u0105zanych z bezpiecze\u0144stwem farmakoterapii i suplementacji, rosn\u0105c\u0105 skal\u0105 przest\u0119pczo\u015bci farmaceutycznej, dezinformacj\u0105 medyczn\u0105 oraz jako\u015bci\u0105 produkt\u00f3w dost\u0119pnych na rynku. Wydarzenie stworzy przestrze\u0144 do interdyscyplinarnej dyskusji nad skutecznymi rozwi\u0105zaniami s\u0142u\u017c\u0105cymi ochronie pacjent\u00f3w oraz poprawie bezpiecze\u0144stwa zdrowia publicznego.<\/p>\n<p>Konferencj\u0119 otworz\u0105 przedstawiciele w\u0142adz Pomorskiego Uniwersytetu Medycznego w Szczecinie oraz organizatorzy: prof. dr hab. n. med. i n. o zdr. Karolina Skonieczna-\u017bydecka oraz prof. dr hab. n. farm. Zbigniew Fija\u0142ek.<\/p>\n<p>Program wydarzenia obejmuje trzy sesje tematyczne. Pierwsza sesja po\u015bwi\u0119cona b\u0119dzie bezpiecze\u0144stwu zdrowotnemu oraz przest\u0119pczo\u015bci farmaceutycznej. Eksperci om\u00f3wi\u0105 wsp\u00f3\u0142czesne zagro\u017cenia zwi\u0105zane z obecno\u015bci\u0105 produkt\u00f3w sfa\u0142szowanych i substandardowych na rynku oraz rol\u0119 instytucji odpowiedzialnych za nadz\u00f3r nad produktami leczniczymi. W sesji wezm\u0105 udzia\u0142 przedstawiciele G\u0142\u00f3wnego Inspektoratu Farmaceutycznego, Urz\u0119du Rejestracji Produkt\u00f3w Leczniczych, Wyrob\u00f3w Medycznych i Produkt\u00f3w Biob\u00f3jczych oraz prof. Zbigniew Fija\u0142ek, od lat zajmuj\u0105cy si\u0119 problematyk\u0105 przest\u0119pczo\u015bci farmaceutycznej.<\/p>\n<p>Druga sesja skoncentruje si\u0119 na jako\u015bci, skuteczno\u015bci i bezpiecze\u0144stwie probiotyk\u00f3w. Specjali\u015bci z Narodowego Instytutu Lek\u00f3w oraz Pomorskiego Uniwersytetu Medycznego przedstawi\u0105 najnowsz\u0105 wiedz\u0119 dotycz\u0105c\u0105 regulacji jako\u015bci probiotyk\u00f3w, ich \u017cywotno\u015bci, stabilno\u015bci oraz zasad racjonalnego stosowania. Zaprezentowane zostan\u0105 r\u00f3wnie\u017c wyniki bada\u0144 dotycz\u0105cych probiotycznych suplement\u00f3w diety przeznaczonych zar\u00f3wno dla ludzi, jak i zwierz\u0105t.<\/p>\n<p>Ostatnia cz\u0119\u015b\u0107 konferencji po\u015bwi\u0119cona b\u0119dzie nowym technologiom, dezinformacji oraz zagro\u017ceniom wynikaj\u0105cym z rozwoju rynku produkt\u00f3w zdrowotnych. Uczestnicy wys\u0142uchaj\u0105 wyk\u0142ad\u00f3w dotycz\u0105cych wykorzystania sztucznej inteligencji do przeciwdzia\u0142ania dezinformacji, epidemiologii \u015bciekowej jako narz\u0119dzia monitorowania nielegalnych substancji, pseudomedycznych metod diagnostycznych oraz problemu wt\u00f3rnego obrotu produktami farmaceutycznymi. Konferencj\u0119 zako\u0144czy panel dyskusyjny oraz podsumowanie organizator\u00f3w.<\/p>\n<p>Konferencja adresowana jest do lekarzy, farmaceut\u00f3w, diagnost\u00f3w laboratoryjnych, przedstawicieli administracji publicznej, organ\u00f3w kontrolnych, naukowc\u00f3w oraz wszystkich os\u00f3b zainteresowanych bezpiecze\u0144stwem stosowania lek\u00f3w, suplement\u00f3w diety i wyrob\u00f3w medycznych.\u00a0Za udzia\u0142 w uczestnikom zostan\u0105 przyznane 4 punkty edukacyjne Polskiego Towarzystwa Diagnostyki Laboratoryjnej (PTDL).<\/p>\n<p>Organizatorami wydarzenia s\u0105\u00a0<strong>Pomorski Uniwersytet Medyczny w Szczecinie<\/strong>\u00a0oraz\u00a0<strong>Stowarzyszenie Stop Nielegalnym Farmaceutykom<\/strong>.<\/p>\n<p>Konferencja odb\u0119dzie si\u0119 29 wrze\u015bnia 2026 roku w Centrum Symulacji Medycznej przy ul. Klonowica 50 w Szczecinie. Udzia\u0142 w konferencji jest bezp\u0142atny. Zapisy online ju\u017c wkr\u00f3tce.<\/p>\n<p><a href=\"https:\/\/pidm.pum.edu.pl\/kalendarz\/wp-content\/uploads\/2026\/08\/Plakat_zapowiedz_zLogami3.png\"><img loading=\"lazy\" decoding=\"async\" class=\"alignnone size-medium wp-image-907\" src=\"https:\/\/pidm.pum.edu.pl\/kalendarz\/wp-content\/uploads\/2026\/08\/Plakat_zapowiedz_zLogami3-224x300.png\" alt=\"\" width=\"224\" height=\"300\" srcset=\"https:\/\/pidm.pum.edu.pl\/kalendarz\/wp-content\/uploads\/2026\/08\/Plakat_zapowiedz_zLogami3-224x300.png 224w, https:\/\/pidm.pum.edu.pl\/kalendarz\/wp-content\/uploads\/2026\/08\/Plakat_zapowiedz_zLogami3-766x1024.png 766w, https:\/\/pidm.pum.edu.pl\/kalendarz\/wp-content\/uploads\/2026\/08\/Plakat_zapowiedz_zLogami3-768x1027.png 768w, https:\/\/pidm.pum.edu.pl\/kalendarz\/wp-content\/uploads\/2026\/08\/Plakat_zapowiedz_zLogami3-1148x1536.png 1148w, https:\/\/pidm.pum.edu.pl\/kalendarz\/wp-content\/uploads\/2026\/08\/Plakat_zapowiedz_zLogami3.png 1410w\" sizes=\"auto, (max-width: 224px) 100vw, 224px\" \/><\/a><\/p>\n","protected":false},"excerpt":{"rendered":"<p>29 wrze\u015bnia 2026 roku w Centrum Symulacji Medycznych Pomorskiego Uniwersytetu Medycznego w Szczecinie odb\u0119dzie si\u0119 og\u00f3lnopolska konferencja naukowa \u201eBezpiecze\u0144stwo farmakoterapii i suplementacji w erze zafa\u0142szowa\u0144\u201d. Wydarzenie, organizowane w formule hybrydowej,&hellip;&nbsp;<a href=\"https:\/\/pidm.pum.edu.pl\/kalendarz\/wydarzenie\/bezpieczenstwo-farmakoterapii-i-suplementacji-w-erze-zafalszowan\/\" class=\"\" rel=\"bookmark\">Dowiedz si\u0119 wi\u0119cej &raquo;<span class=\"screen-reader-text\">Bezpiecze\u0144stwo farmakoterapii i suplementacji w erze zafa\u0142szowa\u0144<\/span><\/a><\/p>\n","protected":false},"author":6,"featured_media":0,"comment_status":"open","ping_status":"closed","template":"","meta":{"neve_meta_sidebar":"","neve_meta_container":"","neve_meta_enable_content_width":"","neve_meta_content_width":0,"neve_meta_title_alignment":"","neve_meta_author_avatar":"","neve_post_elements_order":"","neve_meta_disable_header":"","neve_meta_disable_footer":"","neve_meta_disable_title":"","_themeisle_gutenberg_block_has_review":false,"_tribe_events_status":"","_tribe_events_status_reason":"","footnotes":""},"tags":[],"tribe_events_cat":[],"class_list":["post-903","tribe_events","type-tribe_events","status-publish","hentry"],"_links":{"self":[{"href":"https:\/\/pidm.pum.edu.pl\/kalendarz\/wp-json\/wp\/v2\/tribe_events\/903","targetHints":{"allow":["GET"]}}],"collection":[{"href":"https:\/\/pidm.pum.edu.pl\/kalendarz\/wp-json\/wp\/v2\/tribe_events"}],"about":[{"href":"https:\/\/pidm.pum.edu.pl\/kalendarz\/wp-json\/wp\/v2\/types\/tribe_events"}],"author":[{"embeddable":true,"href":"https:\/\/pidm.pum.edu.pl\/kalendarz\/wp-json\/wp\/v2\/users\/6"}],"replies":[{"embeddable":true,"href":"https:\/\/pidm.pum.edu.pl\/kalendarz\/wp-json\/wp\/v2\/comments?post=903"}],"version-history":[{"count":2,"href":"https:\/\/pidm.pum.edu.pl\/kalendarz\/wp-json\/wp\/v2\/tribe_events\/903\/revisions"}],"predecessor-version":[{"id":908,"href":"https:\/\/pidm.pum.edu.pl\/kalendarz\/wp-json\/wp\/v2\/tribe_events\/903\/revisions\/908"}],"wp:attachment":[{"href":"https:\/\/pidm.pum.edu.pl\/kalendarz\/wp-json\/wp\/v2\/media?parent=903"}],"wp:term":[{"taxonomy":"post_tag","embeddable":true,"href":"https:\/\/pidm.pum.edu.pl\/kalendarz\/wp-json\/wp\/v2\/tags?post=903"},{"taxonomy":"tribe_events_cat","embeddable":true,"href":"https:\/\/pidm.pum.edu.pl\/kalendarz\/wp-json\/wp\/v2\/tribe_events_cat?post=903"}],"curies":[{"name":"wp","href":"https:\/\/api.w.org\/{rel}","templated":true}]}}